{"id":320,"date":"2023-07-16T14:41:36","date_gmt":"2023-07-16T14:41:36","guid":{"rendered":"https:\/\/hotelgerardus.hu\/?page_id=320"},"modified":"2026-04-20T10:55:26","modified_gmt":"2026-04-20T08:55:26","slug":"programok-kikapcsolodasi-lehetosegek","status":"publish","type":"page","link":"https:\/\/hotelgerardus.hu\/ro\/programok-kikapcsolodasi-lehetosegek\/","title":{"rendered":"PROGRAMOK \/ KIKAPCSOL\u00d3D\u00c1SI LEHET\u0150S\u00c9GEK"},"content":{"rendered":"<div data-elementor-type=\"wp-page\" data-elementor-id=\"320\" class=\"elementor elementor-320\" data-elementor-post-type=\"page\">\n\t\t\t\t\t\t\t<div class=\"elementor-element elementor-element-a4be8b0 e-flex e-con-boxed e-con\" data-id=\"a4be8b0\" data-element_type=\"container\" data-settings=\"{&quot;content_width&quot;:&quot;boxed&quot;}\" data-e-bg-lazyload=\"\">\n\t\t\t\t\t<div class=\"e-con-inner\">\n\t\t<div class=\"elementor-element elementor-element-98ff3f0 e-con-full e-flex e-con\" data-id=\"98ff3f0\" data-element_type=\"container\" data-settings=\"{&quot;content_width&quot;:&quot;full&quot;}\">\n\t\t\t\t<div class=\"elementor-element elementor-element-9ab3026 elementor-widget-divider--view-line elementor-widget elementor-widget-divider\" data-id=\"9ab3026\" data-element_type=\"widget\" data-widget_type=\"divider.default\">\n\t\t\t\t<div class=\"elementor-widget-container\">\n\t\t\t<style>\/*! elementor - v3.14.0 - 26-06-2023 *\/\n.elementor-widget-divider{--divider-border-style:none;--divider-border-width:1px;--divider-color:#0c0d0e;--divider-icon-size:20px;--divider-element-spacing:10px;--divider-pattern-height:24px;--divider-pattern-size:20px;--divider-pattern-url:none;--divider-pattern-repeat:repeat-x}.elementor-widget-divider .elementor-divider{display:flex}.elementor-widget-divider .elementor-divider__text{font-size:15px;line-height:1;max-width:95%}.elementor-widget-divider .elementor-divider__element{margin:0 var(--divider-element-spacing);flex-shrink:0}.elementor-widget-divider .elementor-icon{font-size:var(--divider-icon-size)}.elementor-widget-divider .elementor-divider-separator{display:flex;margin:0;direction:ltr}.elementor-widget-divider--view-line_icon .elementor-divider-separator,.elementor-widget-divider--view-line_text .elementor-divider-separator{align-items:center}.elementor-widget-divider--view-line_icon .elementor-divider-separator:after,.elementor-widget-divider--view-line_icon .elementor-divider-separator:before,.elementor-widget-divider--view-line_text .elementor-divider-separator:after,.elementor-widget-divider--view-line_text .elementor-divider-separator:before{display:block;content:\"\";border-bottom:0;flex-grow:1;border-top:var(--divider-border-width) var(--divider-border-style) var(--divider-color)}.elementor-widget-divider--element-align-left .elementor-divider .elementor-divider-separator>.elementor-divider__svg:first-of-type{flex-grow:0;flex-shrink:100}.elementor-widget-divider--element-align-left .elementor-divider-separator:before{content:none}.elementor-widget-divider--element-align-left .elementor-divider__element{margin-left:0}.elementor-widget-divider--element-align-right .elementor-divider .elementor-divider-separator>.elementor-divider__svg:last-of-type{flex-grow:0;flex-shrink:100}.elementor-widget-divider--element-align-right .elementor-divider-separator:after{content:none}.elementor-widget-divider--element-align-right .elementor-divider__element{margin-right:0}.elementor-widget-divider:not(.elementor-widget-divider--view-line_text):not(.elementor-widget-divider--view-line_icon) .elementor-divider-separator{border-top:var(--divider-border-width) var(--divider-border-style) var(--divider-color)}.elementor-widget-divider--separator-type-pattern{--divider-border-style:none}.elementor-widget-divider--separator-type-pattern.elementor-widget-divider--view-line .elementor-divider-separator,.elementor-widget-divider--separator-type-pattern:not(.elementor-widget-divider--view-line) .elementor-divider-separator:after,.elementor-widget-divider--separator-type-pattern:not(.elementor-widget-divider--view-line) .elementor-divider-separator:before,.elementor-widget-divider--separator-type-pattern:not([class*=elementor-widget-divider--view]) .elementor-divider-separator{width:100%;min-height:var(--divider-pattern-height);-webkit-mask-size:var(--divider-pattern-size) 100%;mask-size:var(--divider-pattern-size) 100%;-webkit-mask-repeat:var(--divider-pattern-repeat);mask-repeat:var(--divider-pattern-repeat);background-color:var(--divider-color);-webkit-mask-image:var(--divider-pattern-url);mask-image:var(--divider-pattern-url)}.elementor-widget-divider--no-spacing{--divider-pattern-size:auto}.elementor-widget-divider--bg-round{--divider-pattern-repeat:round}.rtl .elementor-widget-divider .elementor-divider__text{direction:rtl}.e-con-inner>.elementor-widget-divider,.e-con>.elementor-widget-divider{width:var(--container-widget-width,100%);--flex-grow:var(--container-widget-flex-grow)}<\/style>\t\t<div class=\"elementor-divider\">\n\t\t\t<span class=\"elementor-divider-separator\">\n\t\t\t\t\t\t<\/span>\n\t\t<\/div>\n\t\t\t\t<\/div>\n\t\t\t\t<\/div>\n\t\t\t\t<div class=\"elementor-element elementor-element-ee1a570 elementor-widget elementor-widget-text-editor\" data-id=\"ee1a570\" data-element_type=\"widget\" data-widget_type=\"text-editor.default\">\n\t\t\t\t<div class=\"elementor-widget-container\">\n\t\t\t<style>\/*! elementor - v3.14.0 - 26-06-2023 *\/\n.elementor-widget-text-editor.elementor-drop-cap-view-stacked .elementor-drop-cap{background-color:#69727d;color:#fff}.elementor-widget-text-editor.elementor-drop-cap-view-framed .elementor-drop-cap{color:#69727d;border:3px solid;background-color:transparent}.elementor-widget-text-editor:not(.elementor-drop-cap-view-default) .elementor-drop-cap{margin-top:8px}.elementor-widget-text-editor:not(.elementor-drop-cap-view-default) .elementor-drop-cap-letter{width:1em;height:1em}.elementor-widget-text-editor .elementor-drop-cap{float:left;text-align:center;line-height:1;font-size:50px}.elementor-widget-text-editor .elementor-drop-cap-letter{display:inline-block}<\/style>\t\t\t\t<p>Dac\u0103 dori\u021bi s\u0103 descoperi\u021bi atrac\u021biile C\u00e2mpiei de Sud, Hotel Gerardus este un punct de plecare excelent pentru aventuri. \u00cen ora\u0219ele regiunii ve\u021bi g\u0103si cl\u0103diri minunate, programe interesante \u0219i frumuse\u021bea naturii \u00een parcuri. \u00cen apropiere ve\u021bi g\u0103si activit\u0103\u021bi recreative, obiective turistice \u0219i comori naturale.<\/p>\t\t\t\t\t\t<\/div>\n\t\t\t\t<\/div>\n\t\t\t\t<\/div>\n\t\t<div class=\"elementor-element elementor-element-c97d63e e-con-full e-flex e-con\" data-id=\"c97d63e\" data-element_type=\"container\" data-settings=\"{&quot;content_width&quot;:&quot;full&quot;}\">\n\t\t\t\t<div class=\"elementor-element elementor-element-cc2093f elementor-widget elementor-widget-heading\" data-id=\"cc2093f\" data-element_type=\"widget\" data-widget_type=\"heading.default\">\n\t\t\t\t<div class=\"elementor-widget-container\">\n\t\t\t<style>\/*! elementor - v3.14.0 - 26-06-2023 *\/\n.elementor-heading-title{padding:0;margin:0;line-height:1}.elementor-widget-heading .elementor-heading-title[class*=elementor-size-]>a{color:inherit;font-size:inherit;line-height:inherit}.elementor-widget-heading .elementor-heading-title.elementor-size-small{font-size:15px}.elementor-widget-heading .elementor-heading-title.elementor-size-medium{font-size:19px}.elementor-widget-heading .elementor-heading-title.elementor-size-large{font-size:29px}.elementor-widget-heading .elementor-heading-title.elementor-size-xl{font-size:39px}.elementor-widget-heading .elementor-heading-title.elementor-size-xxl{font-size:59px}<\/style><h2 class=\"elementor-heading-title elementor-size-default\">Descoperi\u021bi farmecul ora\u0219ului soarelui<\/h2>\t\t<\/div>\n\t\t\t\t<\/div>\n\t\t\t\t<div class=\"elementor-element elementor-element-88bf6ed elementor-widget elementor-widget-heading\" data-id=\"88bf6ed\" data-element_type=\"widget\" data-widget_type=\"heading.default\">\n\t\t\t\t<div class=\"elementor-widget-container\">\n\t\t\t<h2 class=\"elementor-heading-title elementor-size-default\">Programe <\/h2>\t\t<\/div>\n\t\t\t\t<\/div>\n\t\t\t\t<div class=\"elementor-element elementor-element-c3eee94 elementor-widget-divider--view-line elementor-widget elementor-widget-divider\" data-id=\"c3eee94\" data-element_type=\"widget\" data-widget_type=\"divider.default\">\n\t\t\t\t<div class=\"elementor-widget-container\">\n\t\t\t\t\t<div class=\"elementor-divider\">\n\t\t\t<span class=\"elementor-divider-separator\">\n\t\t\t\t\t\t<\/span>\n\t\t<\/div>\n\t\t\t\t<\/div>\n\t\t\t\t<\/div>\n\t\t\t\t<div class=\"elementor-element elementor-element-856cf12 elementor-widget elementor-widget-text-editor\" data-id=\"856cf12\" data-element_type=\"widget\" data-widget_type=\"text-editor.default\">\n\t\t\t\t<div class=\"elementor-widget-container\">\n\t\t\t\t\t\t\t<ul><li><p>Festivalul de 1 Mai din Szeged, 30 aprilie \u2013 3 mai 2026<\/p><\/li><\/ul>\t\t\t\t\t\t<\/div>\n\t\t\t\t<\/div>\n\t\t\t\t<div class=\"elementor-element elementor-element-fcfdd62 elementor-widget elementor-widget-text-editor\" data-id=\"fcfdd62\" data-element_type=\"widget\" data-widget_type=\"text-editor.default\">\n\t\t\t\t<div class=\"elementor-widget-container\">\n\t\t\t\t\t\t\t<p>Festivalul de 1 Mai din Szeged, organizat \u00een Parcul Erzs\u00e9bet, se transform\u0103 \u00eentr-un festival de prim\u0103var\u0103 de mai multe zile, \u00eent\u00e2mpin\u00e2nd vizitatorii cu o varietate de programe\u2014concerte, spectacole de dans, activit\u0103\u021bi pentru copii \u0219i evenimente comunitare se succed pe scene \u0219i \u00een diferite zone ale parcului.<\/p>\t\t\t\t\t\t<\/div>\n\t\t\t\t<\/div>\n\t\t\t\t<div class=\"elementor-element elementor-element-7beaeba elementor-align-right elementor-widget__width-initial elementor-tablet-align-left elementor-widget-tablet__width-initial elementor-widget-mobile__width-initial elementor-widget elementor-widget-button\" data-id=\"7beaeba\" data-element_type=\"widget\" data-widget_type=\"button.default\">\n\t\t\t\t<div class=\"elementor-widget-container\">\n\t\t\t\t\t<div class=\"elementor-button-wrapper\">\n\t\t\t<a class=\"elementor-button elementor-button-link elementor-size-xs\" href=\"https:\/\/szegedtourism.hu\/hu\/esemeny\/szegedi-majalis\/\">\n\t\t\t\t\t\t<span class=\"elementor-button-content-wrapper\">\n\t\t\t\t\t\t<span class=\"elementor-button-text\">Mai multe<\/span>\n\t\t<\/span>\n\t\t\t\t\t<\/a>\n\t\t<\/div>\n\t\t\t\t<\/div>\n\t\t\t\t<\/div>\n\t\t\t\t<div class=\"elementor-element elementor-element-183557b elementor-widget elementor-widget-text-editor\" data-id=\"183557b\" data-element_type=\"widget\" data-widget_type=\"text-editor.default\">\n\t\t\t\t<div class=\"elementor-widget-container\">\n\t\t\t\t\t\t\t<ul><li style=\"font-size: 19px;\"><p>Festivalul Vinului din Szeged \u0219i Zilele Ora\u0219ului Szeged<\/p><\/li><\/ul><p>\u00a0 \u00a0 \u00a0 \u00a0 21\u201331 mai, 2026<\/p>\t\t\t\t\t\t<\/div>\n\t\t\t\t<\/div>\n\t\t\t\t<div class=\"elementor-element elementor-element-e7c89b4 elementor-widget elementor-widget-text-editor\" data-id=\"e7c89b4\" data-element_type=\"widget\" data-widget_type=\"text-editor.default\">\n\t\t\t\t<div class=\"elementor-widget-container\">\n\t\t\t\t\t\t\t<p class=\" translation-block\">Descoperi\u021bi via\u021ba cultural\u0103 vibrant\u0103 a ora\u0219ului cu ocazia s\u0103rb\u0103torilor Zilele Ora\u0219ului Szeged. A 30-a edi\u021bie a Festivalului Vinului din Szeged, Cavalkada din Pia\u021ba Domului \u0219i T\u00e2rgul de Pod din Szeged ofer\u0103 experien\u021be gastronomice \u0219i culturale de neegalat \u2013 savura\u021bi aromele prim\u0103verii, vinurile de calitate \u0219i programele de divertisment rafinate.<\/p>\t\t\t\t\t\t<\/div>\n\t\t\t\t<\/div>\n\t\t\t\t<div class=\"elementor-element elementor-element-a6c631e elementor-align-right elementor-widget__width-initial elementor-tablet-align-left elementor-widget-tablet__width-initial elementor-widget-mobile__width-initial elementor-widget elementor-widget-button\" data-id=\"a6c631e\" data-element_type=\"widget\" data-widget_type=\"button.default\">\n\t\t\t\t<div class=\"elementor-widget-container\">\n\t\t\t\t\t<div class=\"elementor-button-wrapper\">\n\t\t\t<a class=\"elementor-button elementor-button-link elementor-size-xs\" href=\"https:\/\/szegediborfesztival.hu\/\">\n\t\t\t\t\t\t<span class=\"elementor-button-content-wrapper\">\n\t\t\t\t\t\t<span class=\"elementor-button-text\">Mai multe<\/span>\n\t\t<\/span>\n\t\t\t\t\t<\/a>\n\t\t<\/div>\n\t\t\t\t<\/div>\n\t\t\t\t<\/div>\n\t\t\t\t<div class=\"elementor-element elementor-element-3d6eadd elementor-widget elementor-widget-text-editor\" data-id=\"3d6eadd\" data-element_type=\"widget\" data-widget_type=\"text-editor.default\">\n\t\t\t\t<div class=\"elementor-widget-container\">\n\t\t\t\t\t\t\t<ul><li style=\"font-size: 19px;\">Meci acas\u0103 al Academiei Szeged-Csan\u00e1d Grosics<\/li><\/ul>\t\t\t\t\t\t<\/div>\n\t\t\t\t<\/div>\n\t\t\t\t<div class=\"elementor-element elementor-element-8010270 elementor-widget elementor-widget-text-editor\" data-id=\"8010270\" data-element_type=\"widget\" data-widget_type=\"text-editor.default\">\n\t\t\t\t<div class=\"elementor-widget-container\">\n\t\t\t\t\t\t\t<p>Oferim un bilet gratuit pentru meciurile de fotbal de pe stadionul situat \u00een incinta complexului, unde pute\u021bi urm\u0103ri meciurile echipei Szeged-Csan\u00e1d Grosics Academy din liga a II-a \u00een zilele de meci.<\/p>\t\t\t\t\t\t<\/div>\n\t\t\t\t<\/div>\n\t\t\t\t<div class=\"elementor-element elementor-element-ad1c514 elementor-align-right elementor-widget__width-initial elementor-tablet-align-left elementor-widget-tablet__width-initial elementor-widget-mobile__width-initial elementor-widget elementor-widget-button\" data-id=\"ad1c514\" data-element_type=\"widget\" data-widget_type=\"button.default\">\n\t\t\t\t<div class=\"elementor-widget-container\">\n\t\t\t\t\t<div class=\"elementor-button-wrapper\">\n\t\t\t<a class=\"elementor-button elementor-button-link elementor-size-xs\" href=\"https:\/\/szentgellertforum.hu\/programok\/\">\n\t\t\t\t\t\t<span class=\"elementor-button-content-wrapper\">\n\t\t\t\t\t\t<span class=\"elementor-button-text\">Mai multe<\/span>\n\t\t<\/span>\n\t\t\t\t\t<\/a>\n\t\t<\/div>\n\t\t\t\t<\/div>\n\t\t\t\t<\/div>\n\t\t\t\t<\/div>\n\t\t\t\t\t<\/div>\n\t\t\t\t<\/div>\n\t\t<div class=\"elementor-element elementor-element-fa1e396 e-flex e-con-boxed e-con\" data-id=\"fa1e396\" data-element_type=\"container\" data-settings=\"{&quot;content_width&quot;:&quot;boxed&quot;}\">\n\t\t\t\t\t<div class=\"e-con-inner\">\n\t\t\t\t<div class=\"elementor-element elementor-element-eba8046 elementor-widget-divider--view-line elementor-widget elementor-widget-divider\" data-id=\"eba8046\" data-element_type=\"widget\" data-widget_type=\"divider.default\">\n\t\t\t\t<div class=\"elementor-widget-container\">\n\t\t\t\t\t<div class=\"elementor-divider\">\n\t\t\t<span class=\"elementor-divider-separator\">\n\t\t\t\t\t\t<\/span>\n\t\t<\/div>\n\t\t\t\t<\/div>\n\t\t\t\t<\/div>\n\t\t\t\t<div class=\"elementor-element elementor-element-00d4b97 elementor-widget elementor-widget-heading\" data-id=\"00d4b97\" data-element_type=\"widget\" data-widget_type=\"heading.default\">\n\t\t\t\t<div class=\"elementor-widget-container\">\n\t\t\t<h2 class=\"elementor-heading-title elementor-size-default\">Echipa noastr\u0103 v\u0103 ajut\u0103 cu pl\u0103cere s\u0103 crea\u021bi un itinerar personalizat, asigur\u00e2ndu-ne c\u0103 profita\u021bi la maximum de \u0219ederea dumneavoastr\u0103. V\u0103 ajut\u0103m s\u0103 descoperi\u021bi comorile ascunse ale ora\u0219ului Szeged, care fac ca ora\u0219ul nostru s\u0103 fie cu adev\u0103rat special.<\/h2>\t\t<\/div>\n\t\t\t\t<\/div>\n\t\t\t\t<div class=\"elementor-element elementor-element-0029d50 elementor-widget elementor-widget-spacer\" data-id=\"0029d50\" data-element_type=\"widget\" data-widget_type=\"spacer.default\">\n\t\t\t\t<div class=\"elementor-widget-container\">\n\t\t\t<style>\/*! elementor - v3.14.0 - 26-06-2023 *\/\n.elementor-column .elementor-spacer-inner{height:var(--spacer-size)}.e-con{--container-widget-width:100%}.e-con-inner>.elementor-widget-spacer,.e-con>.elementor-widget-spacer{width:var(--container-widget-width,var(--spacer-size));--align-self:var(--container-widget-align-self,initial);--flex-shrink:0}.e-con-inner>.elementor-widget-spacer>.elementor-widget-container,.e-con-inner>.elementor-widget-spacer>.elementor-widget-container>.elementor-spacer,.e-con>.elementor-widget-spacer>.elementor-widget-container,.e-con>.elementor-widget-spacer>.elementor-widget-container>.elementor-spacer{height:100%}.e-con-inner>.elementor-widget-spacer>.elementor-widget-container>.elementor-spacer>.elementor-spacer-inner,.e-con>.elementor-widget-spacer>.elementor-widget-container>.elementor-spacer>.elementor-spacer-inner{height:var(--container-widget-height,var(--spacer-size))}<\/style>\t\t<div class=\"elementor-spacer\">\n\t\t\t<div class=\"elementor-spacer-inner\"><\/div>\n\t\t<\/div>\n\t\t\t\t<\/div>\n\t\t\t\t<\/div>\n\t\t\t\t\t<\/div>\n\t\t\t\t<\/div>\n\t\t<div class=\"elementor-element elementor-element-569dcfe e-flex e-con-boxed e-con\" data-id=\"569dcfe\" data-element_type=\"container\" data-settings=\"{&quot;content_width&quot;:&quot;boxed&quot;}\">\n\t\t\t\t\t<div class=\"e-con-inner\">\n\t\t<div class=\"elementor-element elementor-element-a4f925d e-con-full e-flex e-con\" data-id=\"a4f925d\" data-element_type=\"container\" data-settings=\"{&quot;content_width&quot;:&quot;full&quot;}\">\n\t\t\t\t<div class=\"elementor-element elementor-element-abb170a elementor-widget elementor-widget-heading\" data-id=\"abb170a\" data-element_type=\"widget\" data-widget_type=\"heading.default\">\n\t\t\t\t<div class=\"elementor-widget-container\">\n\t\t\t<h2 class=\"elementor-heading-title elementor-size-default\">Centrul de vizitare al Catedralei din Szeged<\/h2>\t\t<\/div>\n\t\t\t\t<\/div>\n\t\t\t\t<div class=\"elementor-element elementor-element-9890c2b elementor-widget elementor-widget-image\" data-id=\"9890c2b\" data-element_type=\"widget\" data-widget_type=\"image.default\">\n\t\t\t\t<div class=\"elementor-widget-container\">\n\t\t\t<style>\/*! elementor - v3.14.0 - 26-06-2023 *\/\n.elementor-widget-image{text-align:center}.elementor-widget-image a{display:inline-block}.elementor-widget-image a img[src$=\".svg\"]{width:48px}.elementor-widget-image img{vertical-align:middle;display:inline-block}<\/style>\t\t\t\t\t\t\t\t\t\t\t\t<img decoding=\"async\" width=\"800\" height=\"534\" src=\"https:\/\/hotelgerardus.hu\/wp-content\/uploads\/2025\/09\/1B1A4241-1024x683.jpg\" class=\"attachment-large size-large wp-image-11016\" alt=\"\" loading=\"lazy\" srcset=\"https:\/\/hotelgerardus.hu\/wp-content\/uploads\/2025\/09\/1B1A4241-1024x683.jpg 1024w, https:\/\/hotelgerardus.hu\/wp-content\/uploads\/2025\/09\/1B1A4241-300x200.jpg 300w, https:\/\/hotelgerardus.hu\/wp-content\/uploads\/2025\/09\/1B1A4241-768x512.jpg 768w, https:\/\/hotelgerardus.hu\/wp-content\/uploads\/2025\/09\/1B1A4241-1536x1024.jpg 1536w, https:\/\/hotelgerardus.hu\/wp-content\/uploads\/2025\/09\/1B1A4241-2048x1365.jpg 2048w, https:\/\/hotelgerardus.hu\/wp-content\/uploads\/2025\/09\/1B1A4241-18x12.jpg 18w\" sizes=\"(max-width: 800px) 100vw, 800px\" \/>\t\t\t\t\t\t\t\t\t\t\t\t\t\t\t<\/div>\n\t\t\t\t<\/div>\n\t\t\t\t<\/div>\n\t\t<div class=\"elementor-element elementor-element-ead48a3 e-con-full e-flex e-con\" data-id=\"ead48a3\" data-element_type=\"container\" data-settings=\"{&quot;content_width&quot;:&quot;full&quot;}\">\n\t\t\t\t<div class=\"elementor-element elementor-element-dbfc989 elementor-widget-divider--view-line elementor-widget elementor-widget-divider\" data-id=\"dbfc989\" data-element_type=\"widget\" data-widget_type=\"divider.default\">\n\t\t\t\t<div class=\"elementor-widget-container\">\n\t\t\t\t\t<div class=\"elementor-divider\">\n\t\t\t<span class=\"elementor-divider-separator\">\n\t\t\t\t\t\t<\/span>\n\t\t<\/div>\n\t\t\t\t<\/div>\n\t\t\t\t<\/div>\n\t\t\t\t<div class=\"elementor-element elementor-element-08d2d61 elementor-widget elementor-widget-text-editor\" data-id=\"08d2d61\" data-element_type=\"widget\" data-widget_type=\"text-editor.default\">\n\t\t\t\t<div class=\"elementor-widget-container\">\n\t\t\t\t\t\t\t<p>Centrul de vizitare al Catedralei din Szeged se afl\u0103 \u00een cripta Bazilicii Fogadalmi \u0219i este o unitate turistic\u0103 \u0219i cultural\u0103 multifunc\u021bional\u0103. \u00cen spa\u021biul expozi\u021bional pot fi vizitate expozi\u021bii cu tematic\u0103 religioas\u0103 \u0219i laic\u0103, iar zonele comune sunt potrivite pentru organizarea de evenimente culturale \u0219i comunitare.<\/p>\t\t\t\t\t\t<\/div>\n\t\t\t\t<\/div>\n\t\t\t\t<div class=\"elementor-element elementor-element-f38ba55 elementor-widget elementor-widget-heading\" data-id=\"f38ba55\" data-element_type=\"widget\" data-widget_type=\"heading.default\">\n\t\t\t\t<div class=\"elementor-widget-container\">\n\t\t\t<h2 class=\"elementor-heading-title elementor-size-default translation-block\">Oferim oaspe\u021bilor no\u0219tri un discount de 20% la pre\u021bul biletelor de intrare.<\/h2>\t\t<\/div>\n\t\t\t\t<\/div>\n\t\t\t\t<div class=\"elementor-element elementor-element-05d232b elementor-align-right elementor-widget__width-initial elementor-widget elementor-widget-button\" data-id=\"05d232b\" data-element_type=\"widget\" data-widget_type=\"button.default\">\n\t\t\t\t<div class=\"elementor-widget-container\">\n\t\t\t\t\t<div class=\"elementor-button-wrapper\">\n\t\t\t<a class=\"elementor-button elementor-button-link elementor-size-xs\" href=\"https:\/\/domlatogatokozpont.hu\/\">\n\t\t\t\t\t\t<span class=\"elementor-button-content-wrapper\">\n\t\t\t\t\t\t<span class=\"elementor-button-text\">b\u0151vebben<\/span>\n\t\t<\/span>\n\t\t\t\t\t<\/a>\n\t\t<\/div>\n\t\t\t\t<\/div>\n\t\t\t\t<\/div>\n\t\t\t\t<\/div>\n\t\t\t\t\t<\/div>\n\t\t\t\t<\/div>\n\t\t<div class=\"elementor-element elementor-element-9b45786 e-flex e-con-boxed e-con\" data-id=\"9b45786\" data-element_type=\"container\" data-settings=\"{&quot;content_width&quot;:&quot;boxed&quot;}\">\n\t\t\t\t\t<div class=\"e-con-inner\">\n\t\t<div class=\"elementor-element elementor-element-bd172cc e-con-full e-flex e-con\" data-id=\"bd172cc\" data-element_type=\"container\" data-settings=\"{&quot;content_width&quot;:&quot;full&quot;}\">\n\t\t\t\t<div class=\"elementor-element elementor-element-3f88be8 elementor-hidden-desktop elementor-hidden-tablet elementor-widget elementor-widget-heading\" data-id=\"3f88be8\" data-element_type=\"widget\" data-widget_type=\"heading.default\">\n\t\t\t\t<div class=\"elementor-widget-container\">\n\t\t\t<h2 class=\"elementor-heading-title elementor-size-default\">Muzeul Ferenc M\u00f3ra<\/h2>\t\t<\/div>\n\t\t\t\t<\/div>\n\t\t\t\t<div class=\"elementor-element elementor-element-9cfcd79 elementor-widget-divider--view-line elementor-widget elementor-widget-divider\" data-id=\"9cfcd79\" data-element_type=\"widget\" data-widget_type=\"divider.default\">\n\t\t\t\t<div class=\"elementor-widget-container\">\n\t\t\t\t\t<div class=\"elementor-divider\">\n\t\t\t<span class=\"elementor-divider-separator\">\n\t\t\t\t\t\t<\/span>\n\t\t<\/div>\n\t\t\t\t<\/div>\n\t\t\t\t<\/div>\n\t\t\t\t<div class=\"elementor-element elementor-element-c663b87 elementor-widget elementor-widget-text-editor\" data-id=\"c663b87\" data-element_type=\"widget\" data-widget_type=\"text-editor.default\">\n\t\t\t\t<div class=\"elementor-widget-container\">\n\t\t\t\t\t\t\t<p>Muzeul Ferenc M\u00f3ra se afl\u0103 \u00een inima ora\u0219ului Szeged, la intersec\u021bia malului Tisei \u0219i a Podului Central. Cl\u0103direa sa impun\u0103toare este un element definitoriu al peisajului urban. Institu\u021bia reprezint\u0103 un centru cultural de referin\u021b\u0103 al regiunii.<\/p>\t\t\t\t\t\t<\/div>\n\t\t\t\t<\/div>\n\t\t\t\t<div class=\"elementor-element elementor-element-24fbd1b elementor-align-right elementor-widget__width-initial elementor-tablet-align-left elementor-widget-tablet__width-initial elementor-widget-mobile__width-initial elementor-widget elementor-widget-button\" data-id=\"24fbd1b\" data-element_type=\"widget\" data-widget_type=\"button.default\">\n\t\t\t\t<div class=\"elementor-widget-container\">\n\t\t\t\t\t<div class=\"elementor-button-wrapper\">\n\t\t\t<a class=\"elementor-button elementor-button-link elementor-size-xs\" href=\"https:\/\/moramuzeum.hu\/\">\n\t\t\t\t\t\t<span class=\"elementor-button-content-wrapper\">\n\t\t\t\t\t\t<span class=\"elementor-button-text\">Mai multe<\/span>\n\t\t<\/span>\n\t\t\t\t\t<\/a>\n\t\t<\/div>\n\t\t\t\t<\/div>\n\t\t\t\t<\/div>\n\t\t\t\t<div class=\"elementor-element elementor-element-f3582ba elementor-widget elementor-widget-spacer\" data-id=\"f3582ba\" data-element_type=\"widget\" data-widget_type=\"spacer.default\">\n\t\t\t\t<div class=\"elementor-widget-container\">\n\t\t\t\t\t<div class=\"elementor-spacer\">\n\t\t\t<div class=\"elementor-spacer-inner\"><\/div>\n\t\t<\/div>\n\t\t\t\t<\/div>\n\t\t\t\t<\/div>\n\t\t\t\t<\/div>\n\t\t<div class=\"elementor-element elementor-element-618fe9d e-con-full e-flex e-con\" data-id=\"618fe9d\" data-element_type=\"container\" data-settings=\"{&quot;content_width&quot;:&quot;full&quot;}\">\n\t\t\t\t<div class=\"elementor-element elementor-element-3389942 elementor-hidden-mobile elementor-widget elementor-widget-heading\" data-id=\"3389942\" data-element_type=\"widget\" data-widget_type=\"heading.default\">\n\t\t\t\t<div class=\"elementor-widget-container\">\n\t\t\t<h2 class=\"elementor-heading-title elementor-size-default\">Muzeul Ferenc M\u00f3ra<\/h2>\t\t<\/div>\n\t\t\t\t<\/div>\n\t\t\t\t<div class=\"elementor-element elementor-element-aaf0fc2 elementor-widget__width-initial elementor-widget elementor-widget-image\" data-id=\"aaf0fc2\" data-element_type=\"widget\" data-widget_type=\"image.default\">\n\t\t\t\t<div class=\"elementor-widget-container\">\n\t\t\t\t\t\t\t\t\t\t\t\t\t\t\t<img decoding=\"async\" width=\"800\" height=\"534\" src=\"https:\/\/hotelgerardus.hu\/wp-content\/uploads\/2025\/09\/149A3436-1024x683.jpg\" class=\"attachment-large size-large wp-image-11017\" alt=\"\" loading=\"lazy\" srcset=\"https:\/\/hotelgerardus.hu\/wp-content\/uploads\/2025\/09\/149A3436-1024x683.jpg 1024w, https:\/\/hotelgerardus.hu\/wp-content\/uploads\/2025\/09\/149A3436-300x200.jpg 300w, https:\/\/hotelgerardus.hu\/wp-content\/uploads\/2025\/09\/149A3436-768x512.jpg 768w, https:\/\/hotelgerardus.hu\/wp-content\/uploads\/2025\/09\/149A3436-1536x1024.jpg 1536w, https:\/\/hotelgerardus.hu\/wp-content\/uploads\/2025\/09\/149A3436-2048x1365.jpg 2048w, https:\/\/hotelgerardus.hu\/wp-content\/uploads\/2025\/09\/149A3436-18x12.jpg 18w\" sizes=\"(max-width: 800px) 100vw, 800px\" \/>\t\t\t\t\t\t\t\t\t\t\t\t\t\t\t<\/div>\n\t\t\t\t<\/div>\n\t\t\t\t<\/div>\n\t\t\t\t\t<\/div>\n\t\t\t\t<\/div>\n\t\t<div class=\"elementor-element elementor-element-d16d8c1 e-flex e-con-boxed e-con\" data-id=\"d16d8c1\" data-element_type=\"container\" data-settings=\"{&quot;content_width&quot;:&quot;boxed&quot;}\">\n\t\t\t\t\t<div class=\"e-con-inner\">\n\t\t<div class=\"elementor-element elementor-element-d31a46b e-con-full e-flex e-con\" data-id=\"d31a46b\" data-element_type=\"container\" data-settings=\"{&quot;content_width&quot;:&quot;full&quot;}\">\n\t\t\t\t<div class=\"elementor-element elementor-element-516daaa elementor-widget elementor-widget-heading\" data-id=\"516daaa\" data-element_type=\"widget\" data-widget_type=\"heading.default\">\n\t\t\t\t<div class=\"elementor-widget-container\">\n\t\t\t<h2 class=\"elementor-heading-title elementor-size-default\">Gr\u0103dina Zoologic\u0103 din Szeged<\/h2>\t\t<\/div>\n\t\t\t\t<\/div>\n\t\t\t\t<div class=\"elementor-element elementor-element-c5be60d elementor-widget elementor-widget-image\" data-id=\"c5be60d\" data-element_type=\"widget\" data-widget_type=\"image.default\">\n\t\t\t\t<div class=\"elementor-widget-container\">\n\t\t\t\t\t\t\t\t\t\t\t\t\t\t\t<img decoding=\"async\" width=\"800\" height=\"634\" src=\"https:\/\/hotelgerardus.hu\/wp-content\/uploads\/2025\/09\/7722-1024x811.jpg\" class=\"attachment-large size-large wp-image-11023\" alt=\"\" loading=\"lazy\" srcset=\"https:\/\/hotelgerardus.hu\/wp-content\/uploads\/2025\/09\/7722-1024x811.jpg 1024w, https:\/\/hotelgerardus.hu\/wp-content\/uploads\/2025\/09\/7722-300x238.jpg 300w, https:\/\/hotelgerardus.hu\/wp-content\/uploads\/2025\/09\/7722-768x608.jpg 768w, https:\/\/hotelgerardus.hu\/wp-content\/uploads\/2025\/09\/7722-1536x1217.jpg 1536w, https:\/\/hotelgerardus.hu\/wp-content\/uploads\/2025\/09\/7722-15x12.jpg 15w, https:\/\/hotelgerardus.hu\/wp-content\/uploads\/2025\/09\/7722.jpg 2048w\" sizes=\"(max-width: 800px) 100vw, 800px\" \/>\t\t\t\t\t\t\t\t\t\t\t\t\t\t\t<\/div>\n\t\t\t\t<\/div>\n\t\t\t\t<\/div>\n\t\t<div class=\"elementor-element elementor-element-b493626 e-con-full e-flex e-con\" data-id=\"b493626\" data-element_type=\"container\" data-settings=\"{&quot;content_width&quot;:&quot;full&quot;}\">\n\t\t\t\t<div class=\"elementor-element elementor-element-d3fffe6 elementor-widget-divider--view-line elementor-widget elementor-widget-divider\" data-id=\"d3fffe6\" data-element_type=\"widget\" data-widget_type=\"divider.default\">\n\t\t\t\t<div class=\"elementor-widget-container\">\n\t\t\t\t\t<div class=\"elementor-divider\">\n\t\t\t<span class=\"elementor-divider-separator\">\n\t\t\t\t\t\t<\/span>\n\t\t<\/div>\n\t\t\t\t<\/div>\n\t\t\t\t<\/div>\n\t\t\t\t<div class=\"elementor-element elementor-element-bbfbbbb elementor-widget elementor-widget-text-editor\" data-id=\"bbfbbbb\" data-element_type=\"widget\" data-widget_type=\"text-editor.default\">\n\t\t\t\t<div class=\"elementor-widget-container\">\n\t\t\t\t\t\t\t<p class=\" translation-block\">Gr\u0103dina Zoologic\u0103 din Szeged este una dintre cele mai tinere \u0219i mai mari gr\u0103dini zoologice din Ungaria. Este specializat\u0103 \u00een ad\u0103postirea speciilor rare \u0219i pe cale de dispari\u021bie, av\u00e2nd o sec\u021biune deosebit\u0103 dedicat\u0103 animalelor din America de Sud.<\/p>\t\t\t\t\t\t<\/div>\n\t\t\t\t<\/div>\n\t\t\t\t<div class=\"elementor-element elementor-element-95659a2 elementor-widget elementor-widget-heading\" data-id=\"95659a2\" data-element_type=\"widget\" data-widget_type=\"heading.default\">\n\t\t\t\t<div class=\"elementor-widget-container\">\n\t\t\t<h2 class=\"elementor-heading-title elementor-size-default translation-block\">Oferim oaspe\u021bilor no\u0219tri p\u00e2n\u0103 la 40% reducere la pre\u021bul biletelor de intrare.<\/h2>\t\t<\/div>\n\t\t\t\t<\/div>\n\t\t\t\t<div class=\"elementor-element elementor-element-c465cc7 elementor-align-right elementor-widget__width-initial elementor-widget elementor-widget-button\" data-id=\"c465cc7\" data-element_type=\"widget\" data-widget_type=\"button.default\">\n\t\t\t\t<div class=\"elementor-widget-container\">\n\t\t\t\t\t<div class=\"elementor-button-wrapper\">\n\t\t\t<a class=\"elementor-button elementor-button-link elementor-size-xs\" href=\"http:\/\/www.zooszeged.hu\/\">\n\t\t\t\t\t\t<span class=\"elementor-button-content-wrapper\">\n\t\t\t\t\t\t<span class=\"elementor-button-text\">b\u0151vebben<\/span>\n\t\t<\/span>\n\t\t\t\t\t<\/a>\n\t\t<\/div>\n\t\t\t\t<\/div>\n\t\t\t\t<\/div>\n\t\t\t\t<\/div>\n\t\t\t\t\t<\/div>\n\t\t\t\t<\/div>\n\t\t<div class=\"elementor-element elementor-element-78e773b e-flex e-con-boxed e-con\" data-id=\"78e773b\" data-element_type=\"container\" data-settings=\"{&quot;content_width&quot;:&quot;boxed&quot;}\">\n\t\t\t\t\t<div class=\"e-con-inner\">\n\t\t<div class=\"elementor-element elementor-element-0adfa7b e-con-full e-flex e-con\" data-id=\"0adfa7b\" data-element_type=\"container\" data-settings=\"{&quot;content_width&quot;:&quot;full&quot;}\">\n\t\t\t\t<div class=\"elementor-element elementor-element-907c938 elementor-hidden-desktop elementor-hidden-tablet elementor-widget elementor-widget-heading\" data-id=\"907c938\" data-element_type=\"widget\" data-widget_type=\"heading.default\">\n\t\t\t\t<div class=\"elementor-widget-container\">\n\t\t\t<h2 class=\"elementor-heading-title elementor-size-default\">B\u0103ile Anna<\/h2>\t\t<\/div>\n\t\t\t\t<\/div>\n\t\t\t\t<div class=\"elementor-element elementor-element-4692d06 elementor-widget-divider--view-line elementor-widget elementor-widget-divider\" data-id=\"4692d06\" data-element_type=\"widget\" data-widget_type=\"divider.default\">\n\t\t\t\t<div class=\"elementor-widget-container\">\n\t\t\t\t\t<div class=\"elementor-divider\">\n\t\t\t<span class=\"elementor-divider-separator\">\n\t\t\t\t\t\t<\/span>\n\t\t<\/div>\n\t\t\t\t<\/div>\n\t\t\t\t<\/div>\n\t\t\t\t<div class=\"elementor-element elementor-element-9ffa29a elementor-widget elementor-widget-text-editor\" data-id=\"9ffa29a\" data-element_type=\"widget\" data-widget_type=\"text-editor.default\">\n\t\t\t\t<div class=\"elementor-widget-container\">\n\t\t\t\t\t\t\t<p>\u00cen cl\u0103direa monument istoric renovat\u0103 cu grij\u0103, cu o vechime de peste 100 de ani, se afl\u0103 b\u0103ile termale \u0219i centrul wellness Anna. B\u0103ile Anna sunt situate \u00een centrul ora\u0219ului Szeged, \u00eentr-o cl\u0103dire monument istoric construit\u0103 \u00een stil eclectic, ce combin\u0103 elemente neorenascentiste \u0219i turce\u0219ti. Cl\u0103direa a fost ridicat\u0103 \u00een anul 1896.<\/p>\t\t\t\t\t\t<\/div>\n\t\t\t\t<\/div>\n\t\t\t\t<div class=\"elementor-element elementor-element-c7ab423 elementor-align-right elementor-widget__width-initial elementor-tablet-align-left elementor-widget-tablet__width-initial elementor-widget-mobile__width-initial elementor-widget elementor-widget-button\" data-id=\"c7ab423\" data-element_type=\"widget\" data-widget_type=\"button.default\">\n\t\t\t\t<div class=\"elementor-widget-container\">\n\t\t\t\t\t<div class=\"elementor-button-wrapper\">\n\t\t\t<a class=\"elementor-button elementor-button-link elementor-size-xs\" href=\"https:\/\/www.szegedsport.hu\/intezmenyek\/anna-furdo\">\n\t\t\t\t\t\t<span class=\"elementor-button-content-wrapper\">\n\t\t\t\t\t\t<span class=\"elementor-button-text\">Mai multe<\/span>\n\t\t<\/span>\n\t\t\t\t\t<\/a>\n\t\t<\/div>\n\t\t\t\t<\/div>\n\t\t\t\t<\/div>\n\t\t\t\t<div class=\"elementor-element elementor-element-5ae7200 elementor-widget elementor-widget-spacer\" data-id=\"5ae7200\" data-element_type=\"widget\" data-widget_type=\"spacer.default\">\n\t\t\t\t<div class=\"elementor-widget-container\">\n\t\t\t\t\t<div class=\"elementor-spacer\">\n\t\t\t<div class=\"elementor-spacer-inner\"><\/div>\n\t\t<\/div>\n\t\t\t\t<\/div>\n\t\t\t\t<\/div>\n\t\t\t\t<\/div>\n\t\t<div class=\"elementor-element elementor-element-a2c7da7 e-con-full e-flex e-con\" data-id=\"a2c7da7\" data-element_type=\"container\" data-settings=\"{&quot;content_width&quot;:&quot;full&quot;}\">\n\t\t\t\t<div class=\"elementor-element elementor-element-97647cd elementor-hidden-mobile elementor-widget elementor-widget-heading\" data-id=\"97647cd\" data-element_type=\"widget\" data-widget_type=\"heading.default\">\n\t\t\t\t<div class=\"elementor-widget-container\">\n\t\t\t<h2 class=\"elementor-heading-title elementor-size-default\">B\u0103ile Anna<\/h2>\t\t<\/div>\n\t\t\t\t<\/div>\n\t\t\t\t<div class=\"elementor-element elementor-element-9495cdd elementor-widget elementor-widget-image\" data-id=\"9495cdd\" data-element_type=\"widget\" data-widget_type=\"image.default\">\n\t\t\t\t<div class=\"elementor-widget-container\">\n\t\t\t\t\t\t\t\t\t\t\t\t\t\t\t<img decoding=\"async\" width=\"1400\" height=\"788\" src=\"https:\/\/hotelgerardus.hu\/wp-content\/uploads\/2025\/09\/anna-furdo-termal-gyogy-szeged-csodalatosmagyarorszag.jpg\" class=\"attachment-full size-full wp-image-11024\" alt=\"\" loading=\"lazy\" srcset=\"https:\/\/hotelgerardus.hu\/wp-content\/uploads\/2025\/09\/anna-furdo-termal-gyogy-szeged-csodalatosmagyarorszag.jpg 1400w, https:\/\/hotelgerardus.hu\/wp-content\/uploads\/2025\/09\/anna-furdo-termal-gyogy-szeged-csodalatosmagyarorszag-300x169.jpg 300w, https:\/\/hotelgerardus.hu\/wp-content\/uploads\/2025\/09\/anna-furdo-termal-gyogy-szeged-csodalatosmagyarorszag-1024x576.jpg 1024w, https:\/\/hotelgerardus.hu\/wp-content\/uploads\/2025\/09\/anna-furdo-termal-gyogy-szeged-csodalatosmagyarorszag-768x432.jpg 768w, https:\/\/hotelgerardus.hu\/wp-content\/uploads\/2025\/09\/anna-furdo-termal-gyogy-szeged-csodalatosmagyarorszag-18x10.jpg 18w\" sizes=\"(max-width: 1400px) 100vw, 1400px\" \/>\t\t\t\t\t\t\t\t\t\t\t\t\t\t\t<\/div>\n\t\t\t\t<\/div>\n\t\t\t\t<\/div>\n\t\t\t\t\t<\/div>\n\t\t\t\t<\/div>\n\t\t<div class=\"elementor-element elementor-element-20a38d1 e-flex e-con-boxed e-con\" data-id=\"20a38d1\" data-element_type=\"container\" data-settings=\"{&quot;content_width&quot;:&quot;boxed&quot;}\">\n\t\t\t\t\t<div class=\"e-con-inner\">\n\t\t<div class=\"elementor-element elementor-element-7bb0f0c e-con-full e-flex e-con\" data-id=\"7bb0f0c\" data-element_type=\"container\" data-settings=\"{&quot;content_width&quot;:&quot;full&quot;}\">\n\t\t\t\t<div class=\"elementor-element elementor-element-5523741 elementor-widget elementor-widget-heading\" data-id=\"5523741\" data-element_type=\"widget\" data-widget_type=\"heading.default\">\n\t\t\t\t<div class=\"elementor-widget-container\">\n\t\t\t<h2 class=\"elementor-heading-title elementor-size-default\">Sinagoga Nou\u0103<\/h2>\t\t<\/div>\n\t\t\t\t<\/div>\n\t\t\t\t<div class=\"elementor-element elementor-element-e3da121 elementor-widget elementor-widget-image\" data-id=\"e3da121\" data-element_type=\"widget\" data-widget_type=\"image.default\">\n\t\t\t\t<div class=\"elementor-widget-container\">\n\t\t\t\t\t\t\t\t\t\t\t\t\t\t\t<img decoding=\"async\" width=\"1000\" height=\"652\" src=\"https:\/\/hotelgerardus.hu\/wp-content\/uploads\/2026\/03\/zsinagoga.jpg\" class=\"attachment-full size-full wp-image-12126\" alt=\"\" loading=\"lazy\" srcset=\"https:\/\/hotelgerardus.hu\/wp-content\/uploads\/2026\/03\/zsinagoga.jpg 1000w, https:\/\/hotelgerardus.hu\/wp-content\/uploads\/2026\/03\/zsinagoga-300x196.jpg 300w, https:\/\/hotelgerardus.hu\/wp-content\/uploads\/2026\/03\/zsinagoga-768x501.jpg 768w, https:\/\/hotelgerardus.hu\/wp-content\/uploads\/2026\/03\/zsinagoga-18x12.jpg 18w\" sizes=\"(max-width: 1000px) 100vw, 1000px\" \/>\t\t\t\t\t\t\t\t\t\t\t\t\t\t\t<\/div>\n\t\t\t\t<\/div>\n\t\t\t\t<\/div>\n\t\t<div class=\"elementor-element elementor-element-620593c e-con-full e-flex e-con\" data-id=\"620593c\" data-element_type=\"container\" data-settings=\"{&quot;content_width&quot;:&quot;full&quot;}\">\n\t\t\t\t<div class=\"elementor-element elementor-element-cbf7b55 elementor-widget-divider--view-line elementor-widget elementor-widget-divider\" data-id=\"cbf7b55\" data-element_type=\"widget\" data-widget_type=\"divider.default\">\n\t\t\t\t<div class=\"elementor-widget-container\">\n\t\t\t\t\t<div class=\"elementor-divider\">\n\t\t\t<span class=\"elementor-divider-separator\">\n\t\t\t\t\t\t<\/span>\n\t\t<\/div>\n\t\t\t\t<\/div>\n\t\t\t\t<\/div>\n\t\t\t\t<div class=\"elementor-element elementor-element-0b8d33b elementor-widget elementor-widget-text-editor\" data-id=\"0b8d33b\" data-element_type=\"widget\" data-widget_type=\"text-editor.default\">\n\t\t\t\t<div class=\"elementor-widget-container\">\n\t\t\t\t\t\t\t<p>Sinagoga Nou\u0103 este unul dintre cele mai frumoase exemple de Art Nouveau din Ungaria, evoc\u00e2nd mo\u0219tenirea artistic\u0103 de la cump\u0103na secolelor al XIX-lea \u0219i al XX-lea. Arhitectura sa impresionant\u0103, gr\u0103dina lini\u0219titoare \u0219i programele culturale bogate o fac \u0219i ast\u0103zi unul dintre cele mai speciale \u0219i mai vizitate locuri din Szeged.<\/p>\t\t\t\t\t\t<\/div>\n\t\t\t\t<\/div>\n\t\t\t\t<div class=\"elementor-element elementor-element-3ba0c9f elementor-align-right elementor-widget__width-initial elementor-tablet-align-left elementor-widget-tablet__width-initial elementor-widget-mobile__width-initial elementor-widget elementor-widget-button\" data-id=\"3ba0c9f\" data-element_type=\"widget\" data-widget_type=\"button.default\">\n\t\t\t\t<div class=\"elementor-widget-container\">\n\t\t\t\t\t<div class=\"elementor-button-wrapper\">\n\t\t\t<a class=\"elementor-button elementor-button-link elementor-size-xs\" href=\"https:\/\/szegedizsinagoga.hu\/\">\n\t\t\t\t\t\t<span class=\"elementor-button-content-wrapper\">\n\t\t\t\t\t\t<span class=\"elementor-button-text\">Mai multe<\/span>\n\t\t<\/span>\n\t\t\t\t\t<\/a>\n\t\t<\/div>\n\t\t\t\t<\/div>\n\t\t\t\t<\/div>\n\t\t\t\t<\/div>\n\t\t\t\t\t<\/div>\n\t\t\t\t<\/div>\n\t\t<div class=\"elementor-element elementor-element-4a89909 e-flex e-con-boxed e-con\" data-id=\"4a89909\" data-element_type=\"container\" data-settings=\"{&quot;content_width&quot;:&quot;boxed&quot;}\">\n\t\t\t\t\t<div class=\"e-con-inner\">\n\t\t<div class=\"elementor-element elementor-element-90aa7c5 e-con-full e-flex e-con\" data-id=\"90aa7c5\" data-element_type=\"container\" data-settings=\"{&quot;content_width&quot;:&quot;full&quot;}\">\n\t\t\t\t<div class=\"elementor-element elementor-element-0be0db8 elementor-hidden-desktop elementor-hidden-tablet elementor-widget elementor-widget-heading\" data-id=\"0be0db8\" data-element_type=\"widget\" data-widget_type=\"heading.default\">\n\t\t\t\t<div class=\"elementor-widget-container\">\n\t\t\t<h2 class=\"elementor-heading-title elementor-size-default\">Turnul de ap\u0103 din Pia\u021ba Sf\u00e2ntul \u0218tefan<\/h2>\t\t<\/div>\n\t\t\t\t<\/div>\n\t\t\t\t<div class=\"elementor-element elementor-element-f5d252f elementor-widget-divider--view-line elementor-widget elementor-widget-divider\" data-id=\"f5d252f\" data-element_type=\"widget\" data-widget_type=\"divider.default\">\n\t\t\t\t<div class=\"elementor-widget-container\">\n\t\t\t\t\t<div class=\"elementor-divider\">\n\t\t\t<span class=\"elementor-divider-separator\">\n\t\t\t\t\t\t<\/span>\n\t\t<\/div>\n\t\t\t\t<\/div>\n\t\t\t\t<\/div>\n\t\t\t\t<div class=\"elementor-element elementor-element-49f3a4c elementor-widget elementor-widget-text-editor\" data-id=\"49f3a4c\" data-element_type=\"widget\" data-widget_type=\"text-editor.default\">\n\t\t\t\t<div class=\"elementor-widget-container\">\n\t\t\t\t\t\t\t<p>Situat \u00een Pia\u021ba Sf\u00e2ntul \u0218tefan, primul turn de ap\u0103 din Ungaria realizat din beton armat a fost proiectat de Szil\u00e1rd Zielinski \u0219i \u00ee\u0219i \u00eendepline\u0219te \u0219i ast\u0103zi func\u021bia original\u0103. \u00cenconjurat de un parc verde de relaxare, turnul \u00eei a\u0219teapt\u0103 pe vizitatori cu expozi\u021bii speciale \u0219i cu o panoram\u0103 impresionant\u0103 de la \u00een\u0103l\u021bimea sa.<\/p>\t\t\t\t\t\t<\/div>\n\t\t\t\t<\/div>\n\t\t\t\t<div class=\"elementor-element elementor-element-e17ac2e elementor-align-right elementor-widget__width-initial elementor-tablet-align-left elementor-widget-tablet__width-initial elementor-widget-mobile__width-initial elementor-widget elementor-widget-button\" data-id=\"e17ac2e\" data-element_type=\"widget\" data-widget_type=\"button.default\">\n\t\t\t\t<div class=\"elementor-widget-container\">\n\t\t\t\t\t<div class=\"elementor-button-wrapper\">\n\t\t\t<a class=\"elementor-button elementor-button-link elementor-size-xs\" href=\"https:\/\/www.szegedivizmu.hu\/ceginformacio\/a-szent-istvan-teri-viztorony-latogathatosaga\">\n\t\t\t\t\t\t<span class=\"elementor-button-content-wrapper\">\n\t\t\t\t\t\t<span class=\"elementor-button-text\">Mai multe<\/span>\n\t\t<\/span>\n\t\t\t\t\t<\/a>\n\t\t<\/div>\n\t\t\t\t<\/div>\n\t\t\t\t<\/div>\n\t\t\t\t<div class=\"elementor-element elementor-element-54e64c0 elementor-widget elementor-widget-spacer\" data-id=\"54e64c0\" data-element_type=\"widget\" data-widget_type=\"spacer.default\">\n\t\t\t\t<div class=\"elementor-widget-container\">\n\t\t\t\t\t<div class=\"elementor-spacer\">\n\t\t\t<div class=\"elementor-spacer-inner\"><\/div>\n\t\t<\/div>\n\t\t\t\t<\/div>\n\t\t\t\t<\/div>\n\t\t\t\t<\/div>\n\t\t<div class=\"elementor-element elementor-element-227d61e e-con-full e-flex e-con\" data-id=\"227d61e\" data-element_type=\"container\" data-settings=\"{&quot;content_width&quot;:&quot;full&quot;}\">\n\t\t\t\t<div class=\"elementor-element elementor-element-ea515a4 elementor-hidden-mobile elementor-widget elementor-widget-heading\" data-id=\"ea515a4\" data-element_type=\"widget\" data-widget_type=\"heading.default\">\n\t\t\t\t<div class=\"elementor-widget-container\">\n\t\t\t<h2 class=\"elementor-heading-title elementor-size-default\">Turnul de ap\u0103 din Pia\u021ba Sf\u00e2ntul \u0218tefan<\/h2>\t\t<\/div>\n\t\t\t\t<\/div>\n\t\t\t\t<div class=\"elementor-element elementor-element-9e3bffb elementor-widget elementor-widget-image\" data-id=\"9e3bffb\" data-element_type=\"widget\" data-widget_type=\"image.default\">\n\t\t\t\t<div class=\"elementor-widget-container\">\n\t\t\t\t\t\t\t\t\t\t\t\t\t\t\t<img decoding=\"async\" width=\"1347\" height=\"758\" src=\"https:\/\/hotelgerardus.hu\/wp-content\/uploads\/2026\/03\/caa9a5265bc74a689852d459c681a37e.jpg\" class=\"attachment-full size-full wp-image-12127\" alt=\"\" loading=\"lazy\" srcset=\"https:\/\/hotelgerardus.hu\/wp-content\/uploads\/2026\/03\/caa9a5265bc74a689852d459c681a37e.jpg 1347w, https:\/\/hotelgerardus.hu\/wp-content\/uploads\/2026\/03\/caa9a5265bc74a689852d459c681a37e-300x169.jpg 300w, https:\/\/hotelgerardus.hu\/wp-content\/uploads\/2026\/03\/caa9a5265bc74a689852d459c681a37e-1024x576.jpg 1024w, https:\/\/hotelgerardus.hu\/wp-content\/uploads\/2026\/03\/caa9a5265bc74a689852d459c681a37e-768x432.jpg 768w, https:\/\/hotelgerardus.hu\/wp-content\/uploads\/2026\/03\/caa9a5265bc74a689852d459c681a37e-18x10.jpg 18w\" sizes=\"(max-width: 1347px) 100vw, 1347px\" \/>\t\t\t\t\t\t\t\t\t\t\t\t\t\t\t<\/div>\n\t\t\t\t<\/div>\n\t\t\t\t<\/div>\n\t\t\t\t\t<\/div>\n\t\t\t\t<\/div>\n\t\t<div class=\"elementor-element elementor-element-09e9742 e-flex e-con-boxed e-con\" data-id=\"09e9742\" data-element_type=\"container\" data-settings=\"{&quot;content_width&quot;:&quot;boxed&quot;}\">\n\t\t\t\t\t<div class=\"e-con-inner\">\n\t\t<div class=\"elementor-element elementor-element-57bc4e4 e-con-full e-flex e-con\" data-id=\"57bc4e4\" data-element_type=\"container\" data-settings=\"{&quot;content_width&quot;:&quot;full&quot;}\">\n\t\t\t\t<div class=\"elementor-element elementor-element-0dda357 elementor-widget elementor-widget-heading\" data-id=\"0dda357\" data-element_type=\"widget\" data-widget_type=\"heading.default\">\n\t\t\t\t<div class=\"elementor-widget-container\">\n\t\t\t<h2 class=\"elementor-heading-title elementor-size-default\">Palatul Re\u00f6k<\/h2>\t\t<\/div>\n\t\t\t\t<\/div>\n\t\t\t\t<div class=\"elementor-element elementor-element-28abf4d elementor-widget elementor-widget-image\" data-id=\"28abf4d\" data-element_type=\"widget\" data-widget_type=\"image.default\">\n\t\t\t\t<div class=\"elementor-widget-container\">\n\t\t\t\t\t\t\t\t\t\t\t\t\t\t\t<img decoding=\"async\" width=\"2560\" height=\"1707\" src=\"https:\/\/hotelgerardus.hu\/wp-content\/uploads\/2026\/03\/Szeged_-_Reok-palota_29737404547-scaled.jpg\" class=\"attachment-full size-full wp-image-12128\" alt=\"\" loading=\"lazy\" srcset=\"https:\/\/hotelgerardus.hu\/wp-content\/uploads\/2026\/03\/Szeged_-_Reok-palota_29737404547-scaled.jpg 2560w, https:\/\/hotelgerardus.hu\/wp-content\/uploads\/2026\/03\/Szeged_-_Reok-palota_29737404547-300x200.jpg 300w, https:\/\/hotelgerardus.hu\/wp-content\/uploads\/2026\/03\/Szeged_-_Reok-palota_29737404547-1024x683.jpg 1024w, https:\/\/hotelgerardus.hu\/wp-content\/uploads\/2026\/03\/Szeged_-_Reok-palota_29737404547-768x512.jpg 768w, https:\/\/hotelgerardus.hu\/wp-content\/uploads\/2026\/03\/Szeged_-_Reok-palota_29737404547-1536x1024.jpg 1536w, https:\/\/hotelgerardus.hu\/wp-content\/uploads\/2026\/03\/Szeged_-_Reok-palota_29737404547-2048x1365.jpg 2048w, https:\/\/hotelgerardus.hu\/wp-content\/uploads\/2026\/03\/Szeged_-_Reok-palota_29737404547-18x12.jpg 18w\" sizes=\"(max-width: 2560px) 100vw, 2560px\" \/>\t\t\t\t\t\t\t\t\t\t\t\t\t\t\t<\/div>\n\t\t\t\t<\/div>\n\t\t\t\t<\/div>\n\t\t<div class=\"elementor-element elementor-element-c4118cb e-con-full e-flex e-con\" data-id=\"c4118cb\" data-element_type=\"container\" data-settings=\"{&quot;content_width&quot;:&quot;full&quot;}\">\n\t\t\t\t<div class=\"elementor-element elementor-element-62dbf74 elementor-widget-divider--view-line elementor-widget elementor-widget-divider\" data-id=\"62dbf74\" data-element_type=\"widget\" data-widget_type=\"divider.default\">\n\t\t\t\t<div class=\"elementor-widget-container\">\n\t\t\t\t\t<div class=\"elementor-divider\">\n\t\t\t<span class=\"elementor-divider-separator\">\n\t\t\t\t\t\t<\/span>\n\t\t<\/div>\n\t\t\t\t<\/div>\n\t\t\t\t<\/div>\n\t\t\t\t<div class=\"elementor-element elementor-element-efbec6d elementor-widget elementor-widget-text-editor\" data-id=\"efbec6d\" data-element_type=\"widget\" data-widget_type=\"text-editor.default\">\n\t\t\t\t<div class=\"elementor-widget-container\">\n\t\t\t\t\t\t\t<p>Palatul Re\u00f6k este una dintre cele mai frumoase crea\u021bii ale stilului Art Nouveau maghiar, proiectat\u0103 de Ede Magyar \u00een 1907. Ast\u0103zi, cl\u0103direa g\u0103zduie\u0219te Centrul Regional de Arte RE\u00d6K, care ofer\u0103 spa\u021biu pentru expozi\u021bii prestigioase, spectacole de teatru \u0219i programe muzicale.<\/p>\t\t\t\t\t\t<\/div>\n\t\t\t\t<\/div>\n\t\t\t\t<div class=\"elementor-element elementor-element-319236b elementor-align-right elementor-widget__width-initial elementor-tablet-align-left elementor-widget-tablet__width-initial elementor-widget-mobile__width-initial elementor-widget elementor-widget-button\" data-id=\"319236b\" data-element_type=\"widget\" data-widget_type=\"button.default\">\n\t\t\t\t<div class=\"elementor-widget-container\">\n\t\t\t\t\t<div class=\"elementor-button-wrapper\">\n\t\t\t<a class=\"elementor-button elementor-button-link elementor-size-xs\" href=\"https:\/\/www.reok.hu\/hu\/\">\n\t\t\t\t\t\t<span class=\"elementor-button-content-wrapper\">\n\t\t\t\t\t\t<span class=\"elementor-button-text\">Mai multe<\/span>\n\t\t<\/span>\n\t\t\t\t\t<\/a>\n\t\t<\/div>\n\t\t\t\t<\/div>\n\t\t\t\t<\/div>\n\t\t\t\t<\/div>\n\t\t\t\t\t<\/div>\n\t\t\t\t<\/div>\n\t\t<div class=\"elementor-element elementor-element-3cbe49d e-flex e-con-boxed e-con\" data-id=\"3cbe49d\" data-element_type=\"container\" data-settings=\"{&quot;content_width&quot;:&quot;boxed&quot;}\">\n\t\t\t\t\t<div class=\"e-con-inner\">\n\t\t<div class=\"elementor-element elementor-element-39b3e7b e-con-full e-flex e-con\" data-id=\"39b3e7b\" data-element_type=\"container\" data-settings=\"{&quot;content_width&quot;:&quot;full&quot;}\">\n\t\t\t\t<div class=\"elementor-element elementor-element-bf7d058 elementor-hidden-desktop elementor-hidden-tablet elementor-widget elementor-widget-heading\" data-id=\"bf7d058\" data-element_type=\"widget\" data-widget_type=\"heading.default\">\n\t\t\t\t<div class=\"elementor-widget-container\">\n\t\t\t<h2 class=\"elementor-heading-title elementor-size-default\">Teatrul Na\u021bional din Szeged<\/h2>\t\t<\/div>\n\t\t\t\t<\/div>\n\t\t\t\t<div class=\"elementor-element elementor-element-d0cc306 elementor-widget-divider--view-line elementor-widget elementor-widget-divider\" data-id=\"d0cc306\" data-element_type=\"widget\" data-widget_type=\"divider.default\">\n\t\t\t\t<div class=\"elementor-widget-container\">\n\t\t\t\t\t<div class=\"elementor-divider\">\n\t\t\t<span class=\"elementor-divider-separator\">\n\t\t\t\t\t\t<\/span>\n\t\t<\/div>\n\t\t\t\t<\/div>\n\t\t\t\t<\/div>\n\t\t\t\t<div class=\"elementor-element elementor-element-090079c elementor-widget elementor-widget-text-editor\" data-id=\"090079c\" data-element_type=\"widget\" data-widget_type=\"text-editor.default\">\n\t\t\t\t<div class=\"elementor-widget-container\">\n\t\t\t\t\t\t\t<p>Din 1883, Teatrul Na\u021bional din Szeged este unul dintre cele mai importante locuri ale vie\u021bii culturale ale ora\u0219ului. Repertoriul s\u0103u include spectacole de teatru, oper\u0103 \u0219i balet \u2013 oferind o experien\u021b\u0103 autentic\u0103 pentru iubitorii tuturor genurilor.<\/p>\t\t\t\t\t\t<\/div>\n\t\t\t\t<\/div>\n\t\t\t\t<div class=\"elementor-element elementor-element-29f15e1 elementor-align-right elementor-widget__width-initial elementor-tablet-align-left elementor-widget-tablet__width-initial elementor-widget-mobile__width-initial elementor-widget elementor-widget-button\" data-id=\"29f15e1\" data-element_type=\"widget\" data-widget_type=\"button.default\">\n\t\t\t\t<div class=\"elementor-widget-container\">\n\t\t\t\t\t<div class=\"elementor-button-wrapper\">\n\t\t\t<a class=\"elementor-button elementor-button-link elementor-size-xs\" href=\"https:\/\/szegedinemzeti.hu\/hu\">\n\t\t\t\t\t\t<span class=\"elementor-button-content-wrapper\">\n\t\t\t\t\t\t<span class=\"elementor-button-text\">Mai multe<\/span>\n\t\t<\/span>\n\t\t\t\t\t<\/a>\n\t\t<\/div>\n\t\t\t\t<\/div>\n\t\t\t\t<\/div>\n\t\t\t\t<div class=\"elementor-element elementor-element-39ec95e elementor-widget elementor-widget-spacer\" data-id=\"39ec95e\" data-element_type=\"widget\" data-widget_type=\"spacer.default\">\n\t\t\t\t<div class=\"elementor-widget-container\">\n\t\t\t\t\t<div class=\"elementor-spacer\">\n\t\t\t<div class=\"elementor-spacer-inner\"><\/div>\n\t\t<\/div>\n\t\t\t\t<\/div>\n\t\t\t\t<\/div>\n\t\t\t\t<\/div>\n\t\t<div class=\"elementor-element elementor-element-191f3e0 e-con-full e-flex e-con\" data-id=\"191f3e0\" data-element_type=\"container\" data-settings=\"{&quot;content_width&quot;:&quot;full&quot;}\">\n\t\t\t\t<div class=\"elementor-element elementor-element-00deedb elementor-hidden-mobile elementor-widget elementor-widget-heading\" data-id=\"00deedb\" data-element_type=\"widget\" data-widget_type=\"heading.default\">\n\t\t\t\t<div class=\"elementor-widget-container\">\n\t\t\t<h2 class=\"elementor-heading-title elementor-size-default\">Teatrul Na\u021bional din Szeged<\/h2>\t\t<\/div>\n\t\t\t\t<\/div>\n\t\t\t\t<div class=\"elementor-element elementor-element-5dcda91 elementor-widget elementor-widget-image\" data-id=\"5dcda91\" data-element_type=\"widget\" data-widget_type=\"image.default\">\n\t\t\t\t<div class=\"elementor-widget-container\">\n\t\t\t\t\t\t\t\t\t\t\t\t\t\t\t<img decoding=\"async\" width=\"1347\" height=\"758\" src=\"https:\/\/hotelgerardus.hu\/wp-content\/uploads\/2026\/03\/szeged-szegedi-nemzeti-szinhaz-jegyvasarlas-csodalatosmagyarorszag.jpg\" class=\"attachment-full size-full wp-image-12129\" alt=\"\" loading=\"lazy\" srcset=\"https:\/\/hotelgerardus.hu\/wp-content\/uploads\/2026\/03\/szeged-szegedi-nemzeti-szinhaz-jegyvasarlas-csodalatosmagyarorszag.jpg 1347w, https:\/\/hotelgerardus.hu\/wp-content\/uploads\/2026\/03\/szeged-szegedi-nemzeti-szinhaz-jegyvasarlas-csodalatosmagyarorszag-300x169.jpg 300w, https:\/\/hotelgerardus.hu\/wp-content\/uploads\/2026\/03\/szeged-szegedi-nemzeti-szinhaz-jegyvasarlas-csodalatosmagyarorszag-1024x576.jpg 1024w, https:\/\/hotelgerardus.hu\/wp-content\/uploads\/2026\/03\/szeged-szegedi-nemzeti-szinhaz-jegyvasarlas-csodalatosmagyarorszag-768x432.jpg 768w, https:\/\/hotelgerardus.hu\/wp-content\/uploads\/2026\/03\/szeged-szegedi-nemzeti-szinhaz-jegyvasarlas-csodalatosmagyarorszag-18x10.jpg 18w\" sizes=\"(max-width: 1347px) 100vw, 1347px\" \/>\t\t\t\t\t\t\t\t\t\t\t\t\t\t\t<\/div>\n\t\t\t\t<\/div>\n\t\t\t\t<\/div>\n\t\t\t\t\t<\/div>\n\t\t\t\t<\/div>\n\t\t<div class=\"elementor-element elementor-element-067ae36 e-flex e-con-boxed e-con\" data-id=\"067ae36\" data-element_type=\"container\" data-settings=\"{&quot;content_width&quot;:&quot;boxed&quot;}\">\n\t\t\t\t\t<div class=\"e-con-inner\">\n\t\t<div class=\"elementor-element elementor-element-8aac9f2 e-con-full e-flex e-con\" data-id=\"8aac9f2\" data-element_type=\"container\" data-settings=\"{&quot;content_width&quot;:&quot;full&quot;}\">\n\t\t\t\t<div class=\"elementor-element elementor-element-895f6ff elementor-widget elementor-widget-heading\" data-id=\"895f6ff\" data-element_type=\"widget\" data-widget_type=\"heading.default\">\n\t\t\t\t<div class=\"elementor-widget-container\">\n\t\t\t<h2 class=\"elementor-heading-title elementor-size-default\">Gr\u0103dina Botanic\u0103 a Universit\u0103\u021bii din Szeged<\/h2>\t\t<\/div>\n\t\t\t\t<\/div>\n\t\t\t\t<div class=\"elementor-element elementor-element-2ace205 elementor-widget elementor-widget-image\" data-id=\"2ace205\" data-element_type=\"widget\" data-widget_type=\"image.default\">\n\t\t\t\t<div class=\"elementor-widget-container\">\n\t\t\t\t\t\t\t\t\t\t\t\t\t\t\t<img decoding=\"async\" width=\"834\" height=\"417\" src=\"https:\/\/hotelgerardus.hu\/wp-content\/uploads\/2026\/03\/variant.jpeg\" class=\"attachment-full size-full wp-image-12130\" alt=\"\" loading=\"lazy\" srcset=\"https:\/\/hotelgerardus.hu\/wp-content\/uploads\/2026\/03\/variant.jpeg 834w, https:\/\/hotelgerardus.hu\/wp-content\/uploads\/2026\/03\/variant-300x150.jpeg 300w, https:\/\/hotelgerardus.hu\/wp-content\/uploads\/2026\/03\/variant-768x384.jpeg 768w, https:\/\/hotelgerardus.hu\/wp-content\/uploads\/2026\/03\/variant-18x9.jpeg 18w\" sizes=\"(max-width: 834px) 100vw, 834px\" \/>\t\t\t\t\t\t\t\t\t\t\t\t\t\t\t<\/div>\n\t\t\t\t<\/div>\n\t\t\t\t<\/div>\n\t\t<div class=\"elementor-element elementor-element-feef4b3 e-con-full e-flex e-con\" data-id=\"feef4b3\" data-element_type=\"container\" data-settings=\"{&quot;content_width&quot;:&quot;full&quot;}\">\n\t\t\t\t<div class=\"elementor-element elementor-element-8e77108 elementor-widget-divider--view-line elementor-widget elementor-widget-divider\" data-id=\"8e77108\" data-element_type=\"widget\" data-widget_type=\"divider.default\">\n\t\t\t\t<div class=\"elementor-widget-container\">\n\t\t\t\t\t<div class=\"elementor-divider\">\n\t\t\t<span class=\"elementor-divider-separator\">\n\t\t\t\t\t\t<\/span>\n\t\t<\/div>\n\t\t\t\t<\/div>\n\t\t\t\t<\/div>\n\t\t\t\t<div class=\"elementor-element elementor-element-cdc5f97 elementor-widget elementor-widget-text-editor\" data-id=\"cdc5f97\" data-element_type=\"widget\" data-widget_type=\"text-editor.default\">\n\t\t\t\t<div class=\"elementor-widget-container\">\n\t\t\t\t\t\t\t<p>Fondat\u0103 \u00een 1922, Gr\u0103dina Botanic\u0103 a Universit\u0103\u021bii din Szeged r\u0103m\u00e2ne un loc de referin\u021b\u0103 pentru educa\u021bie, cercetare \u0219i conservarea naturii. Plimb\u00e2ndu-se printre colec\u021biile atent amenajate, vizitatorii pot descoperi specii de plante rare, inclusiv lotusul indian care \u00eenflore\u0219te \u00een iaz, f\u0103c\u00e2nd gr\u0103dina cu adev\u0103rat unic\u0103 datorit\u0103 celei mai mari popula\u021bii \u00een aer liber din Europa Central\u0103.<\/p>\t\t\t\t\t\t<\/div>\n\t\t\t\t<\/div>\n\t\t\t\t<div class=\"elementor-element elementor-element-f0e823d elementor-align-right elementor-widget__width-initial elementor-tablet-align-left elementor-widget-tablet__width-initial elementor-widget-mobile__width-initial elementor-widget elementor-widget-button\" data-id=\"f0e823d\" data-element_type=\"widget\" data-widget_type=\"button.default\">\n\t\t\t\t<div class=\"elementor-widget-container\">\n\t\t\t\t\t<div class=\"elementor-button-wrapper\">\n\t\t\t<a class=\"elementor-button elementor-button-link elementor-size-xs\" href=\"https:\/\/www.fuveszkert.u-szeged.hu\/\">\n\t\t\t\t\t\t<span class=\"elementor-button-content-wrapper\">\n\t\t\t\t\t\t<span class=\"elementor-button-text\">Mai multe<\/span>\n\t\t<\/span>\n\t\t\t\t\t<\/a>\n\t\t<\/div>\n\t\t\t\t<\/div>\n\t\t\t\t<\/div>\n\t\t\t\t<\/div>\n\t\t\t\t\t<\/div>\n\t\t\t\t<\/div>\n\t\t<div class=\"elementor-element elementor-element-d6792b5 e-flex e-con-boxed e-con\" data-id=\"d6792b5\" data-element_type=\"container\" data-settings=\"{&quot;content_width&quot;:&quot;boxed&quot;}\">\n\t\t\t\t\t<div class=\"e-con-inner\">\n\t\t<div class=\"elementor-element elementor-element-16e6f55 e-con-full e-flex e-con\" data-id=\"16e6f55\" data-element_type=\"container\" data-settings=\"{&quot;content_width&quot;:&quot;full&quot;}\">\n\t\t\t\t<div class=\"elementor-element elementor-element-db3c374 elementor-hidden-desktop elementor-hidden-tablet elementor-widget elementor-widget-heading\" data-id=\"db3c374\" data-element_type=\"widget\" data-widget_type=\"heading.default\">\n\t\t\t\t<div class=\"elementor-widget-container\">\n\t\t\t<h2 class=\"elementor-heading-title elementor-size-default\">Parcul de Experien\u021b\u0103 Csillag\u00f6sv\u00e9ny<\/h2>\t\t<\/div>\n\t\t\t\t<\/div>\n\t\t\t\t<div class=\"elementor-element elementor-element-10651af elementor-widget-divider--view-line elementor-widget elementor-widget-divider\" data-id=\"10651af\" data-element_type=\"widget\" data-widget_type=\"divider.default\">\n\t\t\t\t<div class=\"elementor-widget-container\">\n\t\t\t\t\t<div class=\"elementor-divider\">\n\t\t\t<span class=\"elementor-divider-separator\">\n\t\t\t\t\t\t<\/span>\n\t\t<\/div>\n\t\t\t\t<\/div>\n\t\t\t\t<\/div>\n\t\t\t\t<div class=\"elementor-element elementor-element-b5dd80f elementor-widget elementor-widget-text-editor\" data-id=\"b5dd80f\" data-element_type=\"widget\" data-widget_type=\"text-editor.default\">\n\t\t\t\t<div class=\"elementor-widget-container\">\n\t\t\t\t\t\t\t<p class=\" translation-block\">La \u00d3pusztaszer, Parcul de aventur\u0103 \u0219i ecologic Csillag\u00f6sv\u00e9ny Labirintus \u00eei a\u0219teapt\u0103 cu drag pe familii, cupluri tinere \u0219i grupuri de prieteni. Labirintul format din garduri vii, cu o lungime de 3,5 km, este al treilea cel mai mare din lume.<\/p>\t\t\t\t\t\t<\/div>\n\t\t\t\t<\/div>\n\t\t\t\t<div class=\"elementor-element elementor-element-e16cd24 elementor-widget elementor-widget-heading\" data-id=\"e16cd24\" data-element_type=\"widget\" data-widget_type=\"heading.default\">\n\t\t\t\t<div class=\"elementor-widget-container\">\n\t\t\t<h2 class=\"elementor-heading-title elementor-size-default translation-block\">Oferim oaspe\u021bilor no\u0219tri p\u00e2n\u0103 la 24% reducere la pre\u021bul biletelor de intrare.<\/h2>\t\t<\/div>\n\t\t\t\t<\/div>\n\t\t\t\t<div class=\"elementor-element elementor-element-d40dea5 elementor-align-right elementor-widget__width-initial elementor-tablet-align-left elementor-widget-tablet__width-initial elementor-widget-mobile__width-initial elementor-widget elementor-widget-button\" data-id=\"d40dea5\" data-element_type=\"widget\" data-widget_type=\"button.default\">\n\t\t\t\t<div class=\"elementor-widget-container\">\n\t\t\t\t\t<div class=\"elementor-button-wrapper\">\n\t\t\t<a class=\"elementor-button elementor-button-link elementor-size-xs\" href=\"https:\/\/csillagosveny.com\/\">\n\t\t\t\t\t\t<span class=\"elementor-button-content-wrapper\">\n\t\t\t\t\t\t<span class=\"elementor-button-text\">Mai multe<\/span>\n\t\t<\/span>\n\t\t\t\t\t<\/a>\n\t\t<\/div>\n\t\t\t\t<\/div>\n\t\t\t\t<\/div>\n\t\t\t\t<\/div>\n\t\t<div class=\"elementor-element elementor-element-c0e8d66 e-con-full e-flex e-con\" data-id=\"c0e8d66\" data-element_type=\"container\" data-settings=\"{&quot;content_width&quot;:&quot;full&quot;}\">\n\t\t\t\t<div class=\"elementor-element elementor-element-6ffa8a2 elementor-hidden-mobile elementor-widget elementor-widget-heading\" data-id=\"6ffa8a2\" data-element_type=\"widget\" data-widget_type=\"heading.default\">\n\t\t\t\t<div class=\"elementor-widget-container\">\n\t\t\t<h2 class=\"elementor-heading-title elementor-size-default\">Parcul de Experien\u021b\u0103 Csillag\u00f6sv\u00e9ny<\/h2>\t\t<\/div>\n\t\t\t\t<\/div>\n\t\t\t\t<div class=\"elementor-element elementor-element-f2ccaf7 elementor-widget elementor-widget-image\" data-id=\"f2ccaf7\" data-element_type=\"widget\" data-widget_type=\"image.default\">\n\t\t\t\t<div class=\"elementor-widget-container\">\n\t\t\t\t\t\t\t\t\t\t\t\t\t\t\t<img decoding=\"async\" width=\"1920\" height=\"1080\" src=\"https:\/\/hotelgerardus.hu\/wp-content\/uploads\/2023\/09\/VIP-TV-1920-\u00d7-1080-px-3.png\" class=\"attachment-full size-full wp-image-4381\" alt=\"\" loading=\"lazy\" srcset=\"https:\/\/hotelgerardus.hu\/wp-content\/uploads\/2023\/09\/VIP-TV-1920-\u00d7-1080-px-3.png 1920w, https:\/\/hotelgerardus.hu\/wp-content\/uploads\/2023\/09\/VIP-TV-1920-\u00d7-1080-px-3-300x169.png 300w, https:\/\/hotelgerardus.hu\/wp-content\/uploads\/2023\/09\/VIP-TV-1920-\u00d7-1080-px-3-1024x576.png 1024w, https:\/\/hotelgerardus.hu\/wp-content\/uploads\/2023\/09\/VIP-TV-1920-\u00d7-1080-px-3-768x432.png 768w, https:\/\/hotelgerardus.hu\/wp-content\/uploads\/2023\/09\/VIP-TV-1920-\u00d7-1080-px-3-1536x864.png 1536w, https:\/\/hotelgerardus.hu\/wp-content\/uploads\/2023\/09\/VIP-TV-1920-\u00d7-1080-px-3-18x10.png 18w\" sizes=\"(max-width: 1920px) 100vw, 1920px\" \/>\t\t\t\t\t\t\t\t\t\t\t\t\t\t\t<\/div>\n\t\t\t\t<\/div>\n\t\t\t\t<\/div>\n\t\t\t\t\t<\/div>\n\t\t\t\t<\/div>\n\t\t\t\t\t\t\t<\/div>","protected":false},"excerpt":{"rendered":"<p>Ha D\u00e9l-Alf\u00f6ld nevezetess\u00e9geit is felfedezn\u00e9, a Hotel Gerardus remek kiindul\u00f3pont a kalandokhoz. A r\u00e9gi\u00f3 v\u00e1rosaiban csod\u00e1latos \u00e9p\u00fcletekkel, nagyszer\u0171 programokkal, a parkokban pedig a term\u00e9szet sz\u00e9ps\u00e9g\u00e9vel tal\u00e1lkozhat. Szabadid\u0151s tev\u00e9kenys\u00e9gek, l\u00e1tnival\u00f3k \u00e9s term\u00e9szeti kincsek is megtal\u00e1lhat\u00f3k a k\u00f6zelben. Fedezze fel a napf\u00e9ny v\u00e1ros\u00e1nak var\u00e1zs\u00e1t Programok szegedi maj\u00e1lis 2026. \u00e1prilis 30-m\u00e1jus 3. Az szegedi maj\u00e1lis az Erzs\u00e9bet-ligetben t\u00f6bbnapos [&hellip;]<\/p>","protected":false},"author":1,"featured_media":0,"parent":0,"menu_order":0,"comment_status":"closed","ping_status":"closed","template":"","meta":{"_themeisle_gutenberg_block_has_review":false},"_links":{"self":[{"href":"https:\/\/hotelgerardus.hu\/ro\/wp-json\/wp\/v2\/pages\/320"}],"collection":[{"href":"https:\/\/hotelgerardus.hu\/ro\/wp-json\/wp\/v2\/pages"}],"about":[{"href":"https:\/\/hotelgerardus.hu\/ro\/wp-json\/wp\/v2\/types\/page"}],"author":[{"embeddable":true,"href":"https:\/\/hotelgerardus.hu\/ro\/wp-json\/wp\/v2\/users\/1"}],"replies":[{"embeddable":true,"href":"https:\/\/hotelgerardus.hu\/ro\/wp-json\/wp\/v2\/comments?post=320"}],"version-history":[{"count":269,"href":"https:\/\/hotelgerardus.hu\/ro\/wp-json\/wp\/v2\/pages\/320\/revisions"}],"predecessor-version":[{"id":12478,"href":"https:\/\/hotelgerardus.hu\/ro\/wp-json\/wp\/v2\/pages\/320\/revisions\/12478"}],"wp:attachment":[{"href":"https:\/\/hotelgerardus.hu\/ro\/wp-json\/wp\/v2\/media?parent=320"}],"curies":[{"name":"wp","href":"https:\/\/api.w.org\/{rel}","templated":true}]}}